{"id":335,"date":"2020-03-12T20:58:12","date_gmt":"2020-03-12T18:58:12","guid":{"rendered":"http:\/\/mediaviestinta.fi\/mevi2020\/?page_id=335"},"modified":"2026-04-01T16:05:30","modified_gmt":"2026-04-01T13:05:30","slug":"mevi-konferenssi","status":"publish","type":"page","link":"https:\/\/mediaviestinta.fi\/mevi2020\/mevi-konferenssi\/","title":{"rendered":"Mevi-p\u00e4iv\u00e4t"},"content":{"rendered":"\n<p>Mevi j\u00e4rjest\u00e4\u00e4 joka toinen vuosi Median ja viestinn\u00e4n tutkimuksen p\u00e4iv\u00e4t. Mevi-p\u00e4iv\u00e4t on alan t\u00e4rkein kotimainen konferenssi, joka tuo yhteen tutkijoita ja opettajia. Mevi-p\u00e4ivill\u00e4 kuullaan my\u00f6s kansainv\u00e4lisi\u00e4 puhujia ja keskustellaan alan muiden toimijoiden kanssa.<\/p>\n\n\n\n<div class=\"wp-block-pb-accordion-item c-accordion__item js-accordion-item no-js\" data-initially-open=\"false\" data-click-to-close=\"true\" data-auto-close=\"true\" data-scroll=\"false\" data-scroll-offset=\"0\"><h2 id=\"at-3350\" class=\"c-accordion__title js-accordion-controller\" role=\"button\">Tulevat Mevi-p\u00e4iv\u00e4t<\/h2><div id=\"ac-3350\" class=\"c-accordion__content\">\n<p>Seuraavat Mevi-p\u00e4iv\u00e4t j\u00e4rjestet\u00e4\u00e4n Vaasassa 7.\u20138.5.2026. P\u00e4ivien teema on Juuret. <a href=\"https:\/\/sites.uwasa.fi\/mevi2026\/\">Linkki p\u00e4ivien verkkosivuille.<\/a><\/p>\n<\/div><\/div>\n\n\n\n<div class=\"wp-block-pb-accordion-item c-accordion__item js-accordion-item no-js\" data-initially-open=\"false\" data-click-to-close=\"true\" data-auto-close=\"true\" data-scroll=\"false\" data-scroll-offset=\"0\"><h2 id=\"at-3351\" class=\"c-accordion__title js-accordion-controller\" role=\"button\">Aiemmat Mevi-p\u00e4iv\u00e4t<\/h2><div id=\"ac-3351\" class=\"c-accordion__content\">\n<p>2024: Tampere: Muutos ja jatkuvuus<\/p>\n\n\n\n<p>2022 Turku: Media ja vastuu<\/p>\n\n\n\n<p>2021 Verkossa<\/p>\n\n\n\n<h4 class=\"wp-block-heading\">2018 Jyv\u00e4skyl\u00e4: Media ja toivo<\/h4>\n\n\n\n<p>P\u00e4\u00e4puhujat: Lucy K\u00fcng ja Anne Kaun<\/p>\n\n\n\n<p>Yhteiskunnallisten, teknologisten ja taloudellisten mullistusten keskell\u00e4 media ja erilaiset viestint\u00e4teot ovat ratkaisevassa roolissa. Millaisia kertomuksia menneest\u00e4 tuotamme ja kierr\u00e4t\u00e4mme? Millaisten viestien kautta hahmotamme sit\u00e4, mik\u00e4 tapahtuu nyt? Kenelle puhumme, keit\u00e4 haluamme kuunnella? Ja ennen kaikkea, millaisia tulevaisuuksia pystymme yhdess\u00e4 kuvittelemaan? Uhkien ja ristiriitojen viestit levi\u00e4v\u00e4t tehokkaasti, ja erilaisia median muotoja kritisoidaankin helposti ep\u00e4toivon ruokkimisesta. Kuitenkin samat viestinn\u00e4n mekanismit mahdollistavat my\u00f6s eteenp\u00e4in katsovia ja liikkeelle panevia voimia. Mevi2018 kutsuu pohtimaan yhdess\u00e4, miten erilaiset viestij\u00e4t \u2013 ja my\u00f6s viestinn\u00e4n tutkijat! \u2013 voivat osallistua toivon tuottamiseen.<\/p>\n\n\n\n<h4 class=\"wp-block-heading\">2016 Helsinki: Luottamus &#8211; F\u00f6rtroende<\/h4>\n\n\n\n<p>P\u00e4\u00e4puhujat: Andrew Chadwick ja Gunn Enli<\/p>\n\n\n\n<p>Tutkimusp\u00e4ivien teemana on Luottamus \u2013 F\u00f6rtroende, ja p\u00e4ivill\u00e4 k\u00e4sitell\u00e4\u00e4n laaja-alaisesti luottamuksen sek\u00e4 luottamuspulan merkityst\u00e4 viestinn\u00e4ss\u00e4 ja mediassa. Kenen viesteihin voimme tai p\u00e4\u00e4t\u00e4mme luottaa? Mill\u00e4 seurauksin?<\/p>\n\n\n\n<h4 class=\"wp-block-heading\">2014 Vaasa: Meid\u00e4n vai muiden media?<\/h4>\n\n\n\n<p>P\u00e4\u00e4puhujat: Shani Orgad ja John Durham Peters<\/p>\n\n\n\n<p>Mediatutkimuksen p\u00e4ivill\u00e4 k\u00e4sitell\u00e4\u00e4n toiseuden ja toiseuttamisen, osallisuuden ja osattomuuden, kuluttamisen ja kansalaisuuden teemoja sek\u00e4 yhteiskunnalliskulttuurisia rajanvetoja ja luokitteluja, joiden kautta \u201dmeid\u00e4t\u201d n\u00e4hd\u00e4\u00e4n tai voidaan n\u00e4hd\u00e4 suhteessa \u201dmuihin\u201d. Median kaupallisuus ja rooli identiteettien rakentajana sek\u00e4 toisaalta kansalaisten palvelijana nostaa esiin monenlaisia j\u00e4nnitteit\u00e4 ja haasteita niin alueellisella, valtakunnallisella kuin kansainv\u00e4lisell\u00e4kin tasolla. Medialta vaaditaan kyky\u00e4 ymm\u00e4rt\u00e4\u00e4 globaalia ja alueellista toiseutta sek\u00e4 kyky\u00e4 palvella erilaisia erityisyleis\u00f6j\u00e4, joille media on aina ollut t\u00e4rke\u00e4 m\u00e4\u00e4ritelt\u00e4ess\u00e4 sit\u00e4, \u201dkeit\u00e4 me olemme\u201d.<\/p>\n\n\n\n<h4 class=\"wp-block-heading\">2011 Turku: Media ja kritiikki<\/h4>\n\n\n\n<p>P\u00e4\u00e4puhujat: Jostein Gripsrud, William Uricchio ja Susanna Paasonen<\/p>\n\n\n\n<p>Media sek\u00e4 toimii kritiikin v\u00e4lineen\u00e4 ett\u00e4 on itse kritiikin kohde. Media j\u00e4sent\u00e4\u00e4 yhteiskunnallista kriittist\u00e4 keskustelua ja osallistuu siihen, mutta voi olla my\u00f6s itse kritiikin liikkeellepanija tai k\u00e4ynnist\u00e4j\u00e4. Median vaikutukset kritiikkiin ja sen kohdistumiseen ovat my\u00f6s itsess\u00e4\u00e4n kritiikin kohde. Viime vuosina kriittist\u00e4 mediaan ja sen yhteiskunnallis-kulttuuriseen asemaan kohdistuvaa keskustelua ovat aiheuttaneet esimerkiksi julkisten mediapalveluiden roolia ja rahoitusta koskevat kysymykset sek\u00e4 yhteiskunnallisten j\u00e4nnitteiden k\u00e4rjistyminen. Muun muassa maahanmuuttokeskustelun v\u00e4litt\u00e4j\u00e4n\u00e4 medialla on keskeinen rooli. Mediakentt\u00e4\u00e4 puhuttavat lis\u00e4ksi erilaiset uuden median ilmi\u00f6t, kuten internetin kasvava painoarvo. Samanaikaisesti kriittisyys on yksi mediatutkimuksen l\u00e4ht\u00f6kohdista. Yht\u00e4\u00e4lt\u00e4 kriittinen mediatutkimus valottaa ajankohtaisten ilmi\u00f6iden prosesseja ja syv\u00e4rakenteita. Toisaalta mediatutkimuksen tutkimusmenetelmi\u00e4 t\u00e4ytyy voida tarkastella kriittisesti. Muun muassa n\u00e4ihin haasteisiin mediatutkimuksen p\u00e4iv\u00e4t pyrkii vastaamaan.<\/p>\n\n\n\n<h4 class=\"wp-block-heading\">2009 Jyv\u00e4skyl\u00e4: Median arvot ja arvottomat<\/h4>\n\n\n\n<p>P\u00e4\u00e4puhujat: Stig Hjarvard ja Helen Wood<\/p>\n\n\n\n<p>Median kyky vaikuttaa yhteiskunnassa vallitseviin arvoihin on kiistaton. Media on merkitt\u00e4v\u00e4 arvomuovaaja niin poliittisissa, kulttuurisissa, eettisiss\u00e4 kuin taloudellisissa kysymyksiss\u00e4. Media my\u00f6s mahdollistaa vallitsevien arvojen kyseenalaistamisen ja marginaalisten arvojen esiintuomisen. Media sek\u00e4 k\u00e4sittelee arvoja ett\u00e4 muovaa niit\u00e4 sis\u00e4ll\u00f6ill\u00e4\u00e4n ja toimintamalleillaan. Journalistien toiminnan arvopohja on jatkuvasti julkisen keskustelun kohteena. Media tuottaa my\u00f6s runsaasti poliittista arvopuhetta, jonka antia on syyt\u00e4 tarkastella kriittisesti. Arvopuhe voi olla keino k\u00e4\u00e4nt\u00e4\u00e4 yleis\u00f6n huomio pois t\u00e4rkeist\u00e4 yhteiskunnallisista ongelmista. Media yht\u00e4\u00e4lt\u00e4 k\u00e4sittelee yhteiskunnan arvottomia, mutta my\u00f6s luo heit\u00e4 sensaatiojournalismin keinoin. Arvottomia voivat olla my\u00f6s ne, jotka eiv\u00e4t koskaan saa \u00e4\u00e4nt\u00e4\u00e4n kuuluviin median kautta.<\/p>\n\n\n\n<h4 class=\"wp-block-heading\">2006 Helsinki: Media ja raha<\/h4>\n\n\n\n<p>P\u00e4\u00e4puhujat: Liesbet van Zoonen ja David Hesmondhalgh<\/p>\n<\/div><\/div>\n","protected":false},"excerpt":{"rendered":"<p>Mevi j\u00e4rjest\u00e4\u00e4 joka toinen vuosi Median ja viestinn\u00e4n tutkimuksen p\u00e4iv\u00e4t. Mevi-p\u00e4iv\u00e4t on alan t\u00e4rkein kotimainen konferenssi, joka tuo yhteen tutkijoita ja opettajia. Mevi-p\u00e4ivill\u00e4 kuullaan my\u00f6s kansainv\u00e4lisi\u00e4 puhujia ja&hellip;<\/p>\n","protected":false},"author":3,"featured_media":0,"parent":0,"menu_order":0,"comment_status":"closed","ping_status":"closed","template":"","meta":{"_monsterinsights_skip_tracking":false,"_monsterinsights_sitenote_active":false,"_monsterinsights_sitenote_note":"","_monsterinsights_sitenote_category":0,"footnotes":""},"class_list":["post-335","page","type-page","status-publish","has-post-thumbnail","hentry"],"yoast_head":"<!-- This site is optimized with the Yoast SEO plugin v27.5 - https:\/\/yoast.com\/product\/yoast-seo-wordpress\/ -->\n<title>Mevi-p\u00e4iv\u00e4t &#8211; Mevi<\/title>\n<meta name=\"robots\" content=\"index, follow, max-snippet:-1, max-image-preview:large, max-video-preview:-1\" \/>\n<link rel=\"canonical\" href=\"https:\/\/mediaviestinta.fi\/mevi2020\/mevi-konferenssi\/\" \/>\n<meta property=\"og:locale\" content=\"fi_FI\" \/>\n<meta property=\"og:type\" content=\"article\" \/>\n<meta property=\"og:title\" content=\"Mevi-p\u00e4iv\u00e4t &#8211; Mevi\" \/>\n<meta property=\"og:description\" content=\"Mevi j\u00e4rjest\u00e4\u00e4 joka toinen vuosi Median ja viestinn\u00e4n tutkimuksen p\u00e4iv\u00e4t. Mevi-p\u00e4iv\u00e4t on alan t\u00e4rkein kotimainen konferenssi, joka tuo yhteen tutkijoita ja opettajia. Mevi-p\u00e4ivill\u00e4 kuullaan my\u00f6s kansainv\u00e4lisi\u00e4 puhujia ja&hellip;\" \/>\n<meta property=\"og:url\" content=\"https:\/\/mediaviestinta.fi\/mevi2020\/mevi-konferenssi\/\" \/>\n<meta property=\"og:site_name\" content=\"Mevi\" \/>\n<meta property=\"article:publisher\" content=\"https:\/\/www.facebook.com\/MediaViestinta\/\" \/>\n<meta property=\"article:modified_time\" content=\"2026-04-01T13:05:30+00:00\" \/>\n<meta name=\"twitter:card\" content=\"summary_large_image\" \/>\n<meta name=\"twitter:site\" content=\"@mediaviestinta\" \/>\n<meta name=\"twitter:label1\" content=\"Arvioitu lukuaika\" \/>\n\t<meta name=\"twitter:data1\" content=\"4 minuuttia\" \/>\n<script type=\"application\/ld+json\" class=\"yoast-schema-graph\">{\"@context\":\"https:\\\/\\\/schema.org\",\"@graph\":[{\"@type\":\"WebPage\",\"@id\":\"https:\\\/\\\/mediaviestinta.fi\\\/mevi2020\\\/mevi-konferenssi\\\/\",\"url\":\"https:\\\/\\\/mediaviestinta.fi\\\/mevi2020\\\/mevi-konferenssi\\\/\",\"name\":\"Mevi-p\u00e4iv\u00e4t &#8211; Mevi\",\"isPartOf\":{\"@id\":\"https:\\\/\\\/mediaviestinta.fi\\\/#website\"},\"datePublished\":\"2020-03-12T18:58:12+00:00\",\"dateModified\":\"2026-04-01T13:05:30+00:00\",\"breadcrumb\":{\"@id\":\"https:\\\/\\\/mediaviestinta.fi\\\/mevi2020\\\/mevi-konferenssi\\\/#breadcrumb\"},\"inLanguage\":\"fi\",\"potentialAction\":[{\"@type\":\"ReadAction\",\"target\":[\"https:\\\/\\\/mediaviestinta.fi\\\/mevi2020\\\/mevi-konferenssi\\\/\"]}]},{\"@type\":\"BreadcrumbList\",\"@id\":\"https:\\\/\\\/mediaviestinta.fi\\\/mevi2020\\\/mevi-konferenssi\\\/#breadcrumb\",\"itemListElement\":[{\"@type\":\"ListItem\",\"position\":1,\"name\":\"Home\",\"item\":\"https:\\\/\\\/mediaviestinta.fi\\\/\"},{\"@type\":\"ListItem\",\"position\":2,\"name\":\"Mevi-p\u00e4iv\u00e4t\"}]},{\"@type\":\"WebSite\",\"@id\":\"https:\\\/\\\/mediaviestinta.fi\\\/#website\",\"url\":\"https:\\\/\\\/mediaviestinta.fi\\\/\",\"name\":\"Mevi\",\"description\":\"Media- ja viestint\u00e4tieteellinen seura Mevi\",\"publisher\":{\"@id\":\"https:\\\/\\\/mediaviestinta.fi\\\/#organization\"},\"potentialAction\":[{\"@type\":\"SearchAction\",\"target\":{\"@type\":\"EntryPoint\",\"urlTemplate\":\"https:\\\/\\\/mediaviestinta.fi\\\/?s={search_term_string}\"},\"query-input\":{\"@type\":\"PropertyValueSpecification\",\"valueRequired\":true,\"valueName\":\"search_term_string\"}}],\"inLanguage\":\"fi\"},{\"@type\":\"Organization\",\"@id\":\"https:\\\/\\\/mediaviestinta.fi\\\/#organization\",\"name\":\"Media- ja viestint\u00e4tieteellinen seura Mevi\",\"url\":\"https:\\\/\\\/mediaviestinta.fi\\\/\",\"logo\":{\"@type\":\"ImageObject\",\"inLanguage\":\"fi\",\"@id\":\"https:\\\/\\\/mediaviestinta.fi\\\/#\\\/schema\\\/logo\\\/image\\\/\",\"url\":\"https:\\\/\\\/mediaviestinta.fi\\\/mevi2020\\\/wp-content\\\/uploads\\\/2020\\\/03\\\/mevi-logo-RGB-Transparent.png\",\"contentUrl\":\"https:\\\/\\\/mediaviestinta.fi\\\/mevi2020\\\/wp-content\\\/uploads\\\/2020\\\/03\\\/mevi-logo-RGB-Transparent.png\",\"width\":910,\"height\":464,\"caption\":\"Media- ja viestint\u00e4tieteellinen seura Mevi\"},\"image\":{\"@id\":\"https:\\\/\\\/mediaviestinta.fi\\\/#\\\/schema\\\/logo\\\/image\\\/\"},\"sameAs\":[\"https:\\\/\\\/www.facebook.com\\\/MediaViestinta\\\/\",\"https:\\\/\\\/x.com\\\/mediaviestinta\"]}]}<\/script>\n<!-- \/ Yoast SEO plugin. -->","yoast_head_json":{"title":"Mevi-p\u00e4iv\u00e4t &#8211; Mevi","robots":{"index":"index","follow":"follow","max-snippet":"max-snippet:-1","max-image-preview":"max-image-preview:large","max-video-preview":"max-video-preview:-1"},"canonical":"https:\/\/mediaviestinta.fi\/mevi2020\/mevi-konferenssi\/","og_locale":"fi_FI","og_type":"article","og_title":"Mevi-p\u00e4iv\u00e4t &#8211; Mevi","og_description":"Mevi j\u00e4rjest\u00e4\u00e4 joka toinen vuosi Median ja viestinn\u00e4n tutkimuksen p\u00e4iv\u00e4t. Mevi-p\u00e4iv\u00e4t on alan t\u00e4rkein kotimainen konferenssi, joka tuo yhteen tutkijoita ja opettajia. Mevi-p\u00e4ivill\u00e4 kuullaan my\u00f6s kansainv\u00e4lisi\u00e4 puhujia ja&hellip;","og_url":"https:\/\/mediaviestinta.fi\/mevi2020\/mevi-konferenssi\/","og_site_name":"Mevi","article_publisher":"https:\/\/www.facebook.com\/MediaViestinta\/","article_modified_time":"2026-04-01T13:05:30+00:00","twitter_card":"summary_large_image","twitter_site":"@mediaviestinta","twitter_misc":{"Arvioitu lukuaika":"4 minuuttia"},"schema":{"@context":"https:\/\/schema.org","@graph":[{"@type":"WebPage","@id":"https:\/\/mediaviestinta.fi\/mevi2020\/mevi-konferenssi\/","url":"https:\/\/mediaviestinta.fi\/mevi2020\/mevi-konferenssi\/","name":"Mevi-p\u00e4iv\u00e4t &#8211; Mevi","isPartOf":{"@id":"https:\/\/mediaviestinta.fi\/#website"},"datePublished":"2020-03-12T18:58:12+00:00","dateModified":"2026-04-01T13:05:30+00:00","breadcrumb":{"@id":"https:\/\/mediaviestinta.fi\/mevi2020\/mevi-konferenssi\/#breadcrumb"},"inLanguage":"fi","potentialAction":[{"@type":"ReadAction","target":["https:\/\/mediaviestinta.fi\/mevi2020\/mevi-konferenssi\/"]}]},{"@type":"BreadcrumbList","@id":"https:\/\/mediaviestinta.fi\/mevi2020\/mevi-konferenssi\/#breadcrumb","itemListElement":[{"@type":"ListItem","position":1,"name":"Home","item":"https:\/\/mediaviestinta.fi\/"},{"@type":"ListItem","position":2,"name":"Mevi-p\u00e4iv\u00e4t"}]},{"@type":"WebSite","@id":"https:\/\/mediaviestinta.fi\/#website","url":"https:\/\/mediaviestinta.fi\/","name":"Mevi","description":"Media- ja viestint\u00e4tieteellinen seura Mevi","publisher":{"@id":"https:\/\/mediaviestinta.fi\/#organization"},"potentialAction":[{"@type":"SearchAction","target":{"@type":"EntryPoint","urlTemplate":"https:\/\/mediaviestinta.fi\/?s={search_term_string}"},"query-input":{"@type":"PropertyValueSpecification","valueRequired":true,"valueName":"search_term_string"}}],"inLanguage":"fi"},{"@type":"Organization","@id":"https:\/\/mediaviestinta.fi\/#organization","name":"Media- ja viestint\u00e4tieteellinen seura Mevi","url":"https:\/\/mediaviestinta.fi\/","logo":{"@type":"ImageObject","inLanguage":"fi","@id":"https:\/\/mediaviestinta.fi\/#\/schema\/logo\/image\/","url":"https:\/\/mediaviestinta.fi\/mevi2020\/wp-content\/uploads\/2020\/03\/mevi-logo-RGB-Transparent.png","contentUrl":"https:\/\/mediaviestinta.fi\/mevi2020\/wp-content\/uploads\/2020\/03\/mevi-logo-RGB-Transparent.png","width":910,"height":464,"caption":"Media- ja viestint\u00e4tieteellinen seura Mevi"},"image":{"@id":"https:\/\/mediaviestinta.fi\/#\/schema\/logo\/image\/"},"sameAs":["https:\/\/www.facebook.com\/MediaViestinta\/","https:\/\/x.com\/mediaviestinta"]}]}},"_links":{"self":[{"href":"https:\/\/mediaviestinta.fi\/mevi2020\/wp-json\/wp\/v2\/pages\/335","targetHints":{"allow":["GET"]}}],"collection":[{"href":"https:\/\/mediaviestinta.fi\/mevi2020\/wp-json\/wp\/v2\/pages"}],"about":[{"href":"https:\/\/mediaviestinta.fi\/mevi2020\/wp-json\/wp\/v2\/types\/page"}],"author":[{"embeddable":true,"href":"https:\/\/mediaviestinta.fi\/mevi2020\/wp-json\/wp\/v2\/users\/3"}],"replies":[{"embeddable":true,"href":"https:\/\/mediaviestinta.fi\/mevi2020\/wp-json\/wp\/v2\/comments?post=335"}],"version-history":[{"count":19,"href":"https:\/\/mediaviestinta.fi\/mevi2020\/wp-json\/wp\/v2\/pages\/335\/revisions"}],"predecessor-version":[{"id":5505,"href":"https:\/\/mediaviestinta.fi\/mevi2020\/wp-json\/wp\/v2\/pages\/335\/revisions\/5505"}],"wp:attachment":[{"href":"https:\/\/mediaviestinta.fi\/mevi2020\/wp-json\/wp\/v2\/media?parent=335"}],"curies":[{"name":"wp","href":"https:\/\/api.w.org\/{rel}","templated":true}]}}