{"id":3785,"date":"2020-04-17T15:26:50","date_gmt":"2020-04-17T12:26:50","guid":{"rendered":"http:\/\/mediaviestinta.fi\/mevi2020\/?page_id=3785"},"modified":"2020-05-08T10:33:41","modified_gmt":"2020-05-08T07:33:41","slug":"yksityisyys-ja-evasteet","status":"publish","type":"page","link":"https:\/\/mediaviestinta.fi\/mevi2020\/yksityisyys-ja-evasteet\/","title":{"rendered":"Tietosuojaseloste, yksityisyys ja ev\u00e4steet"},"content":{"rendered":"\n<h2 class=\"wp-block-heading\">Tietosuojaseloste<\/h2>\n\n\n\n<p><strong>1. Rekisterinpit\u00e4j\u00e4<br><\/strong>Media ja viestint\u00e4tieteellinen seura Mevi ry \/ sihteeri Anna Rantasila<\/p>\n\n\n\n<p><strong>2. Rekisteriasioista vastaava henkil\u00f6<br><\/strong>Mevin sihteeri Anna Rantasila, mevi.sihteeri @ gmail.com<\/p>\n\n\n\n<p><strong>3. Rekisterin nimi<br><\/strong>Media- ja viestint\u00e4tieteellisen seuran j\u00e4senrekisteri ja rekisteri Media &amp; viestint\u00e4 -lehden tilaajista<\/p>\n\n\n\n<p><strong>4. Henkil\u00f6tietojen k\u00e4sittelyn tarkoitus<br><\/strong>J\u00e4senrekisterin yll\u00e4pit\u00e4minen, tiedotus Media &amp; viestint\u00e4 -lehteen ja Mediatutkimuksen p\u00e4iviin liittyvist\u00e4 asioista, yhdistyksen s\u00e4\u00e4nt\u00f6jen mukainen toiminta. Yhdistyksen s\u00e4\u00e4nn\u00f6t ovat n\u00e4ht\u00e4vill\u00e4 seuran verkkosivuilla:&nbsp;<a href=\"https:\/\/mediaviestinta.fi\/mevi2020\/blogi\/seurasta\/saannot\/\" target=\"_blank\" rel=\"noreferrer noopener\">https:\/\/mediaviestinta.fi\/mevi2020\/blogi\/seurasta\/saannot\/<\/a><\/p>\n\n\n\n<p><strong>5. Rekisterin tietosis\u00e4lt\u00f6<br><\/strong>Henkil\u00f6n nimi, osoitetiedot, s\u00e4hk\u00f6postiosoite, mahdollisesti puhelinnumero, j\u00e4senlaji<\/p>\n\n\n\n<p><strong>6. Rekisterin s\u00e4\u00e4nn\u00f6nmukaiset tietol\u00e4hteet<br><\/strong>Seuran j\u00e4senet, jotka itse ilmoittavat yhteystietonsa ja niiden muutokset seuralle<\/p>\n\n\n\n<p><strong>7. S\u00e4\u00e4nn\u00f6nmukaiset tietojen luovutukset<br><\/strong>Rekisterist\u00e4 ei luovuteta tietoja muille toimijoille. Rekisterin tietoja k\u00e4ytet\u00e4\u00e4n vain Media- ja viestint\u00e4tieteellisen seuran toiminnassa<\/p>\n\n\n\n<p><strong>8. Rekisterin suojauksen periaatteet<br><\/strong>Rekisterin k\u00e4sittelyss\u00e4 noudatetaan huolellisuutta ja tietoj\u00e4rjestelmien avulla k\u00e4sitelt\u00e4v\u00e4t tiedot suojataan asianmukaisesti. Kun rekisteritietoja s\u00e4ilytet\u00e4\u00e4n Internet-palvelimilla, laitteiston fyysisest\u00e4 ja digitaalisesta tietoturvasta huolehditaan asiaankuuluvasti. Rekisterinpit\u00e4j\u00e4 huolehtii siit\u00e4, ett\u00e4 tallennettuja tietoja sek\u00e4 palvelimien k\u00e4ytt\u00f6oikeuksia ja muita henkil\u00f6tietojen turvallisuuden kannalta kriittisi\u00e4 tietoja k\u00e4sitell\u00e4\u00e4n luottamuksellisesti ja vain yhdistyksen hallituksen&nbsp;j\u00e4senten toimesta.<\/p>\n\n\n\n<p><strong>9. Rekister\u00f6idyn oikeuksien huomioon ottaminen<br><\/strong>Rekister\u00f6idyill\u00e4 on oikeus tarkistaa omat tietonsa. Seurasta eronneiden tiedot poistetaan rekisterist\u00e4. Virheellinen, tarpeeton, puutteellinen tai vanhentunut tieto oikaistaan, poistetaan tai t\u00e4ydennet\u00e4\u00e4n. Seuran j\u00e4senten toivotaan ilmoittavan ajantasaiset tietonsa sihteerille osoitteeseen mevi.sihteeri @ gmail.com.<\/p>\n\n\n\n<p><em>Laatimisp\u00e4iv\u00e4ys: 23.5.2018<\/em><\/p>\n\n\n\n<h2 class=\"wp-block-heading\">Tietoa sivusta<\/h2>\n\n\n\n<p>Sivuston osoite on www.mediaviestinta.fi. Sivua yll\u00e4pit\u00e4\u00e4 Media- ja viestint\u00e4tieteellinen seura Mevi ry.<\/p>\n\n\n\n<h2 class=\"wp-block-heading\">Mit\u00e4 k\u00e4ytt\u00e4j\u00e4tietoja sivusto ker\u00e4\u00e4 ja miten?<\/h2>\n\n\n\n<p>Verkkosivu on toteutettu WordPressill\u00e4, joka tallettaa joitain tietoja ev\u00e4steit\u00e4 k\u00e4ytt\u00e4en. N\u00e4m\u00e4 varmistavat sivun toiminnan, ja liittyv\u00e4t muun muassa sis\u00e4\u00e4nkirjautuneiden k\u00e4ytt\u00e4jien tunnistamiseen ja kommentointiin. <a href=\"https:\/\/wordpress.org\/support\/article\/cookies\/\">Lue WordPressin ev\u00e4steist\u00e4<\/a>.<\/p>\n\n\n\n<h3 class=\"wp-block-heading\">Upotettu sis\u00e4lt\u00f6 muilta sivuilta<\/h3>\n\n\n\n<p>Sivusto voi sis\u00e4lt\u00e4\u00e4 upotettua sis\u00e4lt\u00f6\u00e4 (embedded content) (esim. YouTube-videot, kuvat jne.). Upotettu sis\u00e4lt\u00f6 toimii samoin kuin jos k\u00e4ytt\u00e4j\u00e4 vierailisi n\u00e4ill\u00e4 sivustoilla.<\/p>\n\n\n\n<p>N\u00e4m\u00e4 verkkosivut voivat ker\u00e4t\u00e4 tietoa sinusta, k\u00e4ytt\u00e4\u00e4 ev\u00e4steit\u00e4 ja monitoroida toimimistasi n\u00e4ihin upotettuihin sis\u00e4lt\u00f6ihin liittyen, jos sinulla on tili ja olet kirjautunut n\u00e4ille sivustoille.<\/p>\n\n\n\n<h3 class=\"wp-block-heading\">Analytiikka<\/h3>\n\n\n\n<p>Sivusto k\u00e4ytt\u00e4\u00e4 Google Analytics -ty\u00f6kalua ker\u00e4\u00e4m\u00e4\u00e4n tietoa sivuston k\u00e4vij\u00e4m\u00e4\u00e4rist\u00e4 ja eniten luetuista sis\u00e4ll\u00f6ist\u00e4. <a href=\"https:\/\/policies.google.com\/technologies\/cookies\">Voit lukea lis\u00e4\u00e4 Googlen ev\u00e4steist\u00e4 ja yksityisyysasetuksista<\/a>. Tietoja s\u00e4ilytet\u00e4\u00e4n 26 kuukautta, jonka j\u00e4lkeen ne tuhotaan automaattisesti.<\/p>\n\n\n\n<h2 class=\"wp-block-heading\">Kenelle jaamme tietojasi?<\/h2>\n\n\n\n<p>Sivusto k\u00e4ytt\u00e4\u00e4 muutamia kolmannen osapuolen ev\u00e4steit\u00e4. Voit kytke\u00e4 n\u00e4m\u00e4 ev\u00e4steet pois k\u00e4yt\u00f6st\u00e4 <a rel=\"noreferrer noopener\" href=\"https:\/\/peruskayttajalle.net\/ohjeet\/evasteet.php\" target=\"_blank\">selaimesi asetuksista<\/a>.<\/p>\n\n\n\n<figure class=\"wp-block-table alignwide is-style-regular\"><table><thead><tr><th>3. osapuoli<\/th><th>Miksi?<\/th><th>Yksityisyys ja tietosuoja<\/th><\/tr><\/thead><tbody><tr><td>Google Analytics<\/td><td>verkkosivun k\u00e4vij\u00e4liikenteen mittaaminen<\/td><td><a href=\"https:\/\/policies.google.com\/technologies\/cookies\">Cookie policy<\/a><\/td><\/tr><tr><td>Twitter<\/td><td>Twitter-sy\u00f6tteen upottaminen sivulle<\/td><td><a href=\"https:\/\/help.twitter.com\/en\/rules-and-policies\/twitter-cookies\" target=\"_blank\" rel=\"noreferrer noopener\">Twitter cookie policy<\/a><\/td><\/tr><\/tbody><\/table><\/figure>\n\n\n\n<h2 class=\"wp-block-heading\">Ev\u00e4steiden k\u00e4yt\u00f6n est\u00e4minen<\/h2>\n\n\n\n<p>Mik\u00e4li haluat est\u00e4\u00e4 tiettyjen ev\u00e4steiden k\u00e4yt\u00f6n, voit muokata internet-selaimesi asetuksia. Lis\u00e4\u00e4 tietoa t\u00e4st\u00e4 aiheesta l\u00f6yd\u00e4t osoitteesta <a href=\"http:\/\/aboutcookies.org\/\">http:\/\/aboutcookies.org\/<\/a> tai suomeksi esimerkiksi <a href=\"https:\/\/peruskayttajalle.net\/ohjeet\/evasteet.php\">peruskayttajille.net-sivustolta<\/a>.<\/p>\n\n\n\n<h2 class=\"wp-block-heading\">Yhteystiedot<\/h2>\n\n\n\n<p>L\u00f6yd\u00e4t yhdistyksen <a href=\"https:\/\/mediaviestinta.fi\/mevi2020\/index.php\/mevi-ry\/\">yhteystiedot Mevi ry -sivulta<\/a>.<\/p>\n","protected":false},"excerpt":{"rendered":"<p>Tietosuojaseloste 1. Rekisterinpit\u00e4j\u00e4Media ja viestint\u00e4tieteellinen seura Mevi ry \/ sihteeri Anna Rantasila 2. Rekisteriasioista vastaava henkil\u00f6Mevin sihteeri Anna Rantasila, mevi.sihteeri @ gmail.com 3. Rekisterin nimiMedia- ja viestint\u00e4tieteellisen seuran&hellip;<\/p>\n","protected":false},"author":3,"featured_media":0,"parent":0,"menu_order":0,"comment_status":"closed","ping_status":"closed","template":"","meta":{"_monsterinsights_skip_tracking":false,"_monsterinsights_sitenote_active":false,"_monsterinsights_sitenote_note":"","_monsterinsights_sitenote_category":0,"footnotes":""},"class_list":["post-3785","page","type-page","status-publish","has-post-thumbnail","hentry"],"yoast_head":"<!-- This site is optimized with the Yoast SEO plugin v27.5 - https:\/\/yoast.com\/product\/yoast-seo-wordpress\/ -->\n<title>Tietosuojaseloste, yksityisyys ja ev\u00e4steet &#8211; Mevi<\/title>\n<meta name=\"robots\" content=\"index, follow, max-snippet:-1, max-image-preview:large, max-video-preview:-1\" \/>\n<link rel=\"canonical\" href=\"https:\/\/mediaviestinta.fi\/mevi2020\/yksityisyys-ja-evasteet\/\" \/>\n<meta property=\"og:locale\" content=\"fi_FI\" \/>\n<meta property=\"og:type\" content=\"article\" \/>\n<meta property=\"og:title\" content=\"Tietosuojaseloste, yksityisyys ja ev\u00e4steet &#8211; Mevi\" \/>\n<meta property=\"og:description\" content=\"Tietosuojaseloste 1. Rekisterinpit\u00e4j\u00e4Media ja viestint\u00e4tieteellinen seura Mevi ry \/ sihteeri Anna Rantasila 2. Rekisteriasioista vastaava henkil\u00f6Mevin sihteeri Anna Rantasila, mevi.sihteeri @ gmail.com 3. Rekisterin nimiMedia- ja viestint\u00e4tieteellisen seuran&hellip;\" \/>\n<meta property=\"og:url\" content=\"https:\/\/mediaviestinta.fi\/mevi2020\/yksityisyys-ja-evasteet\/\" \/>\n<meta property=\"og:site_name\" content=\"Mevi\" \/>\n<meta property=\"article:publisher\" content=\"https:\/\/www.facebook.com\/MediaViestinta\/\" \/>\n<meta property=\"article:modified_time\" content=\"2020-05-08T07:33:41+00:00\" \/>\n<meta name=\"twitter:card\" content=\"summary_large_image\" \/>\n<meta name=\"twitter:site\" content=\"@mediaviestinta\" \/>\n<meta name=\"twitter:label1\" content=\"Arvioitu lukuaika\" \/>\n\t<meta name=\"twitter:data1\" content=\"2 minuuttia\" \/>\n<script type=\"application\/ld+json\" class=\"yoast-schema-graph\">{\"@context\":\"https:\\\/\\\/schema.org\",\"@graph\":[{\"@type\":\"WebPage\",\"@id\":\"https:\\\/\\\/mediaviestinta.fi\\\/mevi2020\\\/yksityisyys-ja-evasteet\\\/\",\"url\":\"https:\\\/\\\/mediaviestinta.fi\\\/mevi2020\\\/yksityisyys-ja-evasteet\\\/\",\"name\":\"Tietosuojaseloste, yksityisyys ja ev\u00e4steet &#8211; Mevi\",\"isPartOf\":{\"@id\":\"https:\\\/\\\/mediaviestinta.fi\\\/#website\"},\"datePublished\":\"2020-04-17T12:26:50+00:00\",\"dateModified\":\"2020-05-08T07:33:41+00:00\",\"breadcrumb\":{\"@id\":\"https:\\\/\\\/mediaviestinta.fi\\\/mevi2020\\\/yksityisyys-ja-evasteet\\\/#breadcrumb\"},\"inLanguage\":\"fi\",\"potentialAction\":[{\"@type\":\"ReadAction\",\"target\":[\"https:\\\/\\\/mediaviestinta.fi\\\/mevi2020\\\/yksityisyys-ja-evasteet\\\/\"]}]},{\"@type\":\"BreadcrumbList\",\"@id\":\"https:\\\/\\\/mediaviestinta.fi\\\/mevi2020\\\/yksityisyys-ja-evasteet\\\/#breadcrumb\",\"itemListElement\":[{\"@type\":\"ListItem\",\"position\":1,\"name\":\"Home\",\"item\":\"https:\\\/\\\/mediaviestinta.fi\\\/\"},{\"@type\":\"ListItem\",\"position\":2,\"name\":\"Tietosuojaseloste, yksityisyys ja ev\u00e4steet\"}]},{\"@type\":\"WebSite\",\"@id\":\"https:\\\/\\\/mediaviestinta.fi\\\/#website\",\"url\":\"https:\\\/\\\/mediaviestinta.fi\\\/\",\"name\":\"Mevi\",\"description\":\"Media- ja viestint\u00e4tieteellinen seura Mevi\",\"publisher\":{\"@id\":\"https:\\\/\\\/mediaviestinta.fi\\\/#organization\"},\"potentialAction\":[{\"@type\":\"SearchAction\",\"target\":{\"@type\":\"EntryPoint\",\"urlTemplate\":\"https:\\\/\\\/mediaviestinta.fi\\\/?s={search_term_string}\"},\"query-input\":{\"@type\":\"PropertyValueSpecification\",\"valueRequired\":true,\"valueName\":\"search_term_string\"}}],\"inLanguage\":\"fi\"},{\"@type\":\"Organization\",\"@id\":\"https:\\\/\\\/mediaviestinta.fi\\\/#organization\",\"name\":\"Media- ja viestint\u00e4tieteellinen seura Mevi\",\"url\":\"https:\\\/\\\/mediaviestinta.fi\\\/\",\"logo\":{\"@type\":\"ImageObject\",\"inLanguage\":\"fi\",\"@id\":\"https:\\\/\\\/mediaviestinta.fi\\\/#\\\/schema\\\/logo\\\/image\\\/\",\"url\":\"https:\\\/\\\/mediaviestinta.fi\\\/mevi2020\\\/wp-content\\\/uploads\\\/2020\\\/03\\\/mevi-logo-RGB-Transparent.png\",\"contentUrl\":\"https:\\\/\\\/mediaviestinta.fi\\\/mevi2020\\\/wp-content\\\/uploads\\\/2020\\\/03\\\/mevi-logo-RGB-Transparent.png\",\"width\":910,\"height\":464,\"caption\":\"Media- ja viestint\u00e4tieteellinen seura Mevi\"},\"image\":{\"@id\":\"https:\\\/\\\/mediaviestinta.fi\\\/#\\\/schema\\\/logo\\\/image\\\/\"},\"sameAs\":[\"https:\\\/\\\/www.facebook.com\\\/MediaViestinta\\\/\",\"https:\\\/\\\/x.com\\\/mediaviestinta\"]}]}<\/script>\n<!-- \/ Yoast SEO plugin. -->","yoast_head_json":{"title":"Tietosuojaseloste, yksityisyys ja ev\u00e4steet &#8211; Mevi","robots":{"index":"index","follow":"follow","max-snippet":"max-snippet:-1","max-image-preview":"max-image-preview:large","max-video-preview":"max-video-preview:-1"},"canonical":"https:\/\/mediaviestinta.fi\/mevi2020\/yksityisyys-ja-evasteet\/","og_locale":"fi_FI","og_type":"article","og_title":"Tietosuojaseloste, yksityisyys ja ev\u00e4steet &#8211; Mevi","og_description":"Tietosuojaseloste 1. Rekisterinpit\u00e4j\u00e4Media ja viestint\u00e4tieteellinen seura Mevi ry \/ sihteeri Anna Rantasila 2. Rekisteriasioista vastaava henkil\u00f6Mevin sihteeri Anna Rantasila, mevi.sihteeri @ gmail.com 3. Rekisterin nimiMedia- ja viestint\u00e4tieteellisen seuran&hellip;","og_url":"https:\/\/mediaviestinta.fi\/mevi2020\/yksityisyys-ja-evasteet\/","og_site_name":"Mevi","article_publisher":"https:\/\/www.facebook.com\/MediaViestinta\/","article_modified_time":"2020-05-08T07:33:41+00:00","twitter_card":"summary_large_image","twitter_site":"@mediaviestinta","twitter_misc":{"Arvioitu lukuaika":"2 minuuttia"},"schema":{"@context":"https:\/\/schema.org","@graph":[{"@type":"WebPage","@id":"https:\/\/mediaviestinta.fi\/mevi2020\/yksityisyys-ja-evasteet\/","url":"https:\/\/mediaviestinta.fi\/mevi2020\/yksityisyys-ja-evasteet\/","name":"Tietosuojaseloste, yksityisyys ja ev\u00e4steet &#8211; Mevi","isPartOf":{"@id":"https:\/\/mediaviestinta.fi\/#website"},"datePublished":"2020-04-17T12:26:50+00:00","dateModified":"2020-05-08T07:33:41+00:00","breadcrumb":{"@id":"https:\/\/mediaviestinta.fi\/mevi2020\/yksityisyys-ja-evasteet\/#breadcrumb"},"inLanguage":"fi","potentialAction":[{"@type":"ReadAction","target":["https:\/\/mediaviestinta.fi\/mevi2020\/yksityisyys-ja-evasteet\/"]}]},{"@type":"BreadcrumbList","@id":"https:\/\/mediaviestinta.fi\/mevi2020\/yksityisyys-ja-evasteet\/#breadcrumb","itemListElement":[{"@type":"ListItem","position":1,"name":"Home","item":"https:\/\/mediaviestinta.fi\/"},{"@type":"ListItem","position":2,"name":"Tietosuojaseloste, yksityisyys ja ev\u00e4steet"}]},{"@type":"WebSite","@id":"https:\/\/mediaviestinta.fi\/#website","url":"https:\/\/mediaviestinta.fi\/","name":"Mevi","description":"Media- ja viestint\u00e4tieteellinen seura Mevi","publisher":{"@id":"https:\/\/mediaviestinta.fi\/#organization"},"potentialAction":[{"@type":"SearchAction","target":{"@type":"EntryPoint","urlTemplate":"https:\/\/mediaviestinta.fi\/?s={search_term_string}"},"query-input":{"@type":"PropertyValueSpecification","valueRequired":true,"valueName":"search_term_string"}}],"inLanguage":"fi"},{"@type":"Organization","@id":"https:\/\/mediaviestinta.fi\/#organization","name":"Media- ja viestint\u00e4tieteellinen seura Mevi","url":"https:\/\/mediaviestinta.fi\/","logo":{"@type":"ImageObject","inLanguage":"fi","@id":"https:\/\/mediaviestinta.fi\/#\/schema\/logo\/image\/","url":"https:\/\/mediaviestinta.fi\/mevi2020\/wp-content\/uploads\/2020\/03\/mevi-logo-RGB-Transparent.png","contentUrl":"https:\/\/mediaviestinta.fi\/mevi2020\/wp-content\/uploads\/2020\/03\/mevi-logo-RGB-Transparent.png","width":910,"height":464,"caption":"Media- ja viestint\u00e4tieteellinen seura Mevi"},"image":{"@id":"https:\/\/mediaviestinta.fi\/#\/schema\/logo\/image\/"},"sameAs":["https:\/\/www.facebook.com\/MediaViestinta\/","https:\/\/x.com\/mediaviestinta"]}]}},"_links":{"self":[{"href":"https:\/\/mediaviestinta.fi\/mevi2020\/wp-json\/wp\/v2\/pages\/3785","targetHints":{"allow":["GET"]}}],"collection":[{"href":"https:\/\/mediaviestinta.fi\/mevi2020\/wp-json\/wp\/v2\/pages"}],"about":[{"href":"https:\/\/mediaviestinta.fi\/mevi2020\/wp-json\/wp\/v2\/types\/page"}],"author":[{"embeddable":true,"href":"https:\/\/mediaviestinta.fi\/mevi2020\/wp-json\/wp\/v2\/users\/3"}],"replies":[{"embeddable":true,"href":"https:\/\/mediaviestinta.fi\/mevi2020\/wp-json\/wp\/v2\/comments?post=3785"}],"version-history":[{"count":6,"href":"https:\/\/mediaviestinta.fi\/mevi2020\/wp-json\/wp\/v2\/pages\/3785\/revisions"}],"predecessor-version":[{"id":4229,"href":"https:\/\/mediaviestinta.fi\/mevi2020\/wp-json\/wp\/v2\/pages\/3785\/revisions\/4229"}],"wp:attachment":[{"href":"https:\/\/mediaviestinta.fi\/mevi2020\/wp-json\/wp\/v2\/media?parent=3785"}],"curies":[{"name":"wp","href":"https:\/\/api.w.org\/{rel}","templated":true}]}}